{"version":"1.0","provider_name":"\u039f\u039b\u03a5\u039c\u03a0\u0399\u0391\u039a\u039f\u03a3 - Olympiacos.org","provider_url":"https:\/\/www.olympiacos.org\/fr\/","author_name":"l.a.ntokas","author_url":"https:\/\/www.olympiacos.org\/fr\/author\/l-a-ntokas\/","title":"Evangelos Marinakis: les enfants sont notre priorit\u00e9 - \u039f\u039b\u03a5\u039c\u03a0\u0399\u0391\u039a\u039f\u03a3 - Olympiacos.org","type":"rich","width":600,"height":338,"html":"<blockquote class=\"wp-embedded-content\"><a href=\"https:\/\/www.olympiacos.org\/fr\/2013\/08\/26\/evangelos-marinakis-les-enfants-sont-notre-priorite\/\">Evangelos Marinakis: les enfants sont notre priorit\u00e9<\/a><\/blockquote>\n<script type='text\/javascript'>\n<!--\/\/--><![CDATA[\/\/><!--\n\t\t\/*! This file is auto-generated *\/\n\t\t!function(c,d){\"use strict\";var e=!1,n=!1;if(d.querySelector)if(c.addEventListener)e=!0;if(c.wp=c.wp||{},!c.wp.receiveEmbedMessage)if(c.wp.receiveEmbedMessage=function(e){var t=e.data;if(t)if(t.secret||t.message||t.value)if(!\/[^a-zA-Z0-9]\/.test(t.secret)){for(var r,a,i,s=d.querySelectorAll('iframe[data-secret=\"'+t.secret+'\"]'),n=d.querySelectorAll('blockquote[data-secret=\"'+t.secret+'\"]'),o=0;o<n.length;o++)n[o].style.display=\"none\";for(o=0;o<s.length;o++)if(r=s[o],e.source===r.contentWindow){if(r.removeAttribute(\"style\"),\"height\"===t.message){if(1e3<(i=parseInt(t.value,10)))i=1e3;else if(~~i<200)i=200;r.height=i}if(\"link\"===t.message)if(a=d.createElement(\"a\"),i=d.createElement(\"a\"),a.href=r.getAttribute(\"src\"),i.href=t.value,i.host===a.host)if(d.activeElement===r)c.top.location.href=t.value}}},e)c.addEventListener(\"message\",c.wp.receiveEmbedMessage,!1),d.addEventListener(\"DOMContentLoaded\",t,!1),c.addEventListener(\"load\",t,!1);function t(){if(!n){n=!0;for(var e,t,r=-1!==navigator.appVersion.indexOf(\"MSIE 10\"),a=!!navigator.userAgent.match(\/Trident.*rv:11\\.\/),i=d.querySelectorAll(\"iframe.wp-embedded-content\"),s=0;s<i.length;s++){if(!(e=i[s]).getAttribute(\"data-secret\"))t=Math.random().toString(36).substr(2,10),e.src+=\"#?secret=\"+t,e.setAttribute(\"data-secret\",t);if(r||a)(t=e.cloneNode(!0)).removeAttribute(\"security\"),e.parentNode.replaceChild(t,e)}}}}(window,document);\n\/\/--><!]]>\n<\/script><iframe sandbox=\"allow-scripts\" security=\"restricted\" src=\"https:\/\/www.olympiacos.org\/fr\/2013\/08\/26\/evangelos-marinakis-les-enfants-sont-notre-priorite\/embed\/\" width=\"600\" height=\"338\" title=\"&#8220;Evangelos Marinakis: les enfants sont notre priorit\u00e9&#8221; &#8212; \u039f\u039b\u03a5\u039c\u03a0\u0399\u0391\u039a\u039f\u03a3 - Olympiacos.org\" frameborder=\"0\" marginwidth=\"0\" marginheight=\"0\" scrolling=\"no\" class=\"wp-embedded-content\"><\/iframe>","thumbnail_url":"https:\/\/www.olympiacos.org\/wp-content\/uploads\/2019\/05\/11\/hospital_0-1.jpg","thumbnail_width":2835,"thumbnail_height":1650,"description":"Le 11 mai 2011, Mr. Vangelis Marinakis, pr\u00e9sident du F.C. Olympiacos, accompagn\u00e9 par le vice-pr\u00e9sident du club, Mr. Yiannis Moralis, le pr\u00e9sident directeur g\u00e9n\u00e9ral de \u201cThrilos S.A.\u201d, Mr. George Pavlou, le responsable technique des \u00e9coles de football de l\u2019OLYMPIACOS, Mr. George Amanatidis, ainsi que de nombreux enfants des diff\u00e9rentes \u00e9coles du club \u00e0 Chypre, ont rendu visite au d\u00e9partement p\u00e9diatrique de l\u2019h\u00f4pital de Limassol \u00e0 la suite d\u2019une initiative prise par le pr\u00e9sident en personne."}